{"id":89,"date":"2023-11-23T09:05:01","date_gmt":"2023-11-23T07:05:01","guid":{"rendered":"https:\/\/seic-evo.com\/seic-copy\/"},"modified":"2024-04-15T10:48:48","modified_gmt":"2024-04-15T08:48:48","slug":"enginyeria","status":"publish","type":"page","link":"https:\/\/seic-evo.com\/ca\/enginyeria\/","title":{"rendered":"Enginyeria"},"content":{"rendered":"\n<div class=\"wp-block-seic-capcalera section seic--height fp-auto-height fp-seic-height-75 __hide_slidesNav com-filet filet-abaix\" data-anchor=\"\" data-navtt=\"\">\n<div class=\"wp-block-seic-capcalera-item __slick-slide mod-slide blanc extra-llarg\"><div class=\"maq-contenidor\"><p class=\"com_titular_3\">Algunes vegades s&#8217;ha de decidir entre una cosa a qu\u00e8 s&#8217;est\u00e0\u00a0acostumat\u00a0i una altra que ens agradaria con\u00e8ixer.<\/p><p class=\"com_titular_4\">Paulo Coelho de Souza, Dramaturg (1947)<br>Novel\u00b7lista i lletrista brasiler<\/p><\/div><div class=\"blured\" style=\"background-image:url(https:\/\/seic-evo.com\/wp-content\/uploads\/ENGINNER-Slider-01.jpg)\"><\/div><div class=\"fixed\"><\/div><\/div>\n<\/div>\n\n\n\n<div class=\"wp-block-seic-seccio-dos-cols section fons-blanc com-filet seic-100-height padding-mig dos-columnes\" data-anchor=\"Enginyeria\" data-navtt=\"Enginyeria\"><div class=\"wrapper-bg-color\"><div class=\"maq-contenidor\">\n<div class=\"wp-block-seic-columna-seccio col vertical_centrat esq\">\n<h2 class=\"wp-block-heading is-style-seic-titular-gran\">Junts, estem creant una nova era d&#8217;excel\u00b7l\u00e8ncia en enginyeria cel\u00b7lul\u00f2sica.<\/h2>\n<\/div>\n\n\n\n<div class=\"wp-block-seic-columna-seccio col vertical_centrat esq\">\n<p>Els nostres serveis d&#8217;enginyeria estan experimentant una transformaci\u00f3 revolucion\u00e0ria en innovaci\u00f3 i investigaci\u00f3 cel\u00b7lul\u00f2sica. Estem liderant el cam\u00ed cap a un futur m\u00e9s sostenible i eficient amb noves tecnologies i pr\u00e0ctiques innovadores.<\/p>\n\n\n\n<p>Amb un fort enfocament en la recerca cel\u00b7lul\u00f2sica, estem promovent canvis significatius en la manera com abordem els projectes d&#8217;enginyeria. Aquesta evoluci\u00f3 no nom\u00e9s millorar\u00e0 la nostra efici\u00e8ncia operativa, sin\u00f3 que tamb\u00e9 obrir\u00e0 noves oportunitats per a la col\u00b7laboraci\u00f3 i la innovaci\u00f3 en aquest sector en r\u00e0pid i constant progr\u00e9s.<\/p>\n<\/div>\n<\/div><\/div><\/div>\n\n\n\n<div class=\"wp-block-seic-seccio-dos-cols section fons-crema com-filet seic-100-height padding-mig dos-columnes\" data-anchor=\"Assessorament-industrial\" data-navtt=\"Assessorament industrial\"><div class=\"wrapper-bg-color\"><div class=\"maq-contenidor\">\n<div class=\"wp-block-seic-columna-seccio col vertical_centrat esq\">\n<h2 class=\"wp-block-heading is-style-seic-titular-gegant has-com-color-blanc-color has-text-color\">Assessorament industrial<\/h2>\n\n\n\n<p>La nostra expertesa ens permet assessorar clients amb necessitats d\u2019innovaci\u00f3 exigents i molt espec\u00edfiques, ideant i aportant solucions, tant per posar remei a problem\u00e0tiques concretes com per millorar i evolucionar processos ja existents.<\/p>\n\n\n\n<p>Sempre amb proximitat i confian\u00e7a, i amb la responsabilitat mediambiental com a principal premissa.<\/p>\n<\/div>\n\n\n\n<div class=\"wp-block-seic-columna-seccio col vertical_centrat esq\">\n<div class=\"wp-block-seic-imatge-control img_control_alt\">\n<figure class=\"wp-block-image size-large\"><img loading=\"lazy\" decoding=\"async\" width=\"768\" height=\"1024\" src=\"https:\/\/seic-evo.com\/wp-content\/uploads\/image00077-1-768x1024.jpg\" alt=\"\" class=\"wp-image-317\" srcset=\"https:\/\/seic-evo.com\/wp-content\/uploads\/image00077-1-768x1024.jpg 768w, https:\/\/seic-evo.com\/wp-content\/uploads\/image00077-1-225x300.jpg 225w, https:\/\/seic-evo.com\/wp-content\/uploads\/image00077-1-1152x1536.jpg 1152w, https:\/\/seic-evo.com\/wp-content\/uploads\/image00077-1-1536x2048.jpg 1536w, https:\/\/seic-evo.com\/wp-content\/uploads\/image00077-1.jpg 1871w\" sizes=\"auto, (max-width: 768px) 100vw, 768px\" \/><\/figure>\n<\/div>\n<\/div>\n<\/div><\/div><\/div>\n\n\n\n<div class=\"wp-block-seic-seccio-dos-cols section fons-blau com-filet seic-100-height padding-mig dos-columnes\" data-anchor=\"Projectes-en-innovaci\u00f3\" data-navtt=\"Projectes en innovaci\u00f3 i investigaci\u00f3 cel\u00b7lul\u00f2sica\"><div class=\"wrapper-bg-color\"><div class=\"maq-contenidor\">\n<div class=\"wp-block-seic-columna-seccio col vertical_centrat esq\">\n<div class=\"wp-block-seic-imatge-control img_control_alt\">\n<figure class=\"wp-block-image size-large\"><img loading=\"lazy\" decoding=\"async\" width=\"768\" height=\"1024\" src=\"https:\/\/seic-evo.com\/wp-content\/uploads\/image00043-768x1024.jpg\" alt=\"\" class=\"wp-image-163\" srcset=\"https:\/\/seic-evo.com\/wp-content\/uploads\/image00043-768x1024.jpg 768w, https:\/\/seic-evo.com\/wp-content\/uploads\/image00043-225x300.jpg 225w, https:\/\/seic-evo.com\/wp-content\/uploads\/image00043-1152x1536.jpg 1152w, https:\/\/seic-evo.com\/wp-content\/uploads\/image00043-1536x2048.jpg 1536w, https:\/\/seic-evo.com\/wp-content\/uploads\/image00043.jpg 1871w\" sizes=\"auto, (max-width: 768px) 100vw, 768px\" \/><\/figure>\n<\/div>\n<\/div>\n\n\n\n<div class=\"wp-block-seic-columna-seccio col vertical_centrat esq\">\n<h2 class=\"wp-block-heading is-style-seic-titular-gegant\">Projectes en innovaci\u00f3 i investigaci\u00f3 cel\u00b7lul\u00f2sica<\/h2>\n\n\n\n<p>Actualment desenvolupem projectes relacionats amb:<\/p>\n\n\n\n<p>\u2013 Paper i cartr\u00f3<br>\u2013 Estucat<br>\u2013 Termoformaci\u00f3<br>\u2013 Panells<br>\u2013 Cel\u00b7lulosa especial ign\u00edfuga, etc\u00e8tera.<\/p>\n\n\n\n<p>Si treballeu en aquest sector i teniu qualsevol inquietud de millora en els vostres processos, contacteu-nos i estudiarem el vostre cas espec\u00edfic.<\/p>\n<\/div>\n<\/div><\/div><\/div>\n\n\n\n<div class=\"wp-block-seic-seccio-dos-cols section fons-blanc com-filet seic-100-height padding-mig dos-columnes\" data-anchor=\"Barreres-sostenibles\" data-navtt=\"Barreres sostenibles\"><div class=\"wrapper-bg-color\"><div class=\"maq-contenidor\">\n<div class=\"wp-block-seic-columna-seccio col vertical_centrat esq\">\n<h2 class=\"wp-block-heading is-style-seic-titular-gegant has-com-color-blau-color has-text-color\">Barreres sostenibles<\/h2>\n\n\n\n<p>Treballem amb els nostres <em>partners<\/em> per aconseguir solucions vers:<\/p>\n\n\n\n<p>\u2013 Barreres a l\u2019aigua<br>\u2013 Barreres al vapor d\u2019aigua<br>\u2013 Barreres a olis i greixos<br>\u2013 Barreres a l\u2019oxigen<\/p>\n\n\n\n<p>Fugint de m\u00e8todes tradicionals, com la utilitzaci\u00f3 de pl\u00e0stic o elements hal\u00f2gens, aix\u00ed com de qualsevol component que no sigui sostenible sota criteris de reciclabilitat i compostabilitat, a SEIC hem desenvolupat barreres completament sostenibles, una innovaci\u00f3 cabdal per a la ind\u00fastria moderna de la cel\u00b7lulosa.<\/p>\n<\/div>\n\n\n\n<div class=\"wp-block-seic-columna-seccio col vertical_centrat esq\">\n<div class=\"wp-block-seic-imatge-control img_control_alt\">\n<figure class=\"wp-block-image size-full\"><img loading=\"lazy\" decoding=\"async\" width=\"1871\" height=\"2495\" src=\"https:\/\/seic-evo.com\/wp-content\/uploads\/image_67189505.jpg\" alt=\"\" class=\"wp-image-455\" srcset=\"https:\/\/seic-evo.com\/wp-content\/uploads\/image_67189505.jpg 1871w, https:\/\/seic-evo.com\/wp-content\/uploads\/image_67189505-225x300.jpg 225w, https:\/\/seic-evo.com\/wp-content\/uploads\/image_67189505-768x1024.jpg 768w, https:\/\/seic-evo.com\/wp-content\/uploads\/image_67189505-1152x1536.jpg 1152w, https:\/\/seic-evo.com\/wp-content\/uploads\/image_67189505-1536x2048.jpg 1536w\" sizes=\"auto, (max-width: 1871px) 100vw, 1871px\" \/><\/figure>\n<\/div>\n<\/div>\n<\/div><\/div><\/div>\n\n\n\n<div class=\"wp-block-seic-seccio-dos-cols section fons-crema com-filet seic-100-height padding-mig dos-columnes\" data-anchor=\"Optimitzaci\u00f3-processos\" data-navtt=\"Optimitzaci\u00f3 de processos\"><div class=\"wrapper-bg-color\"><div class=\"maq-contenidor\">\n<div class=\"wp-block-seic-columna-seccio col vertical_centrat esq\">\n<div class=\"wp-block-seic-imatge-control img_control_alt\">\n<figure class=\"wp-block-image size-large\"><img loading=\"lazy\" decoding=\"async\" width=\"768\" height=\"1024\" src=\"https:\/\/seic-evo.com\/wp-content\/uploads\/image00033-768x1024.jpg\" alt=\"\" class=\"wp-image-158\" srcset=\"https:\/\/seic-evo.com\/wp-content\/uploads\/image00033-768x1024.jpg 768w, https:\/\/seic-evo.com\/wp-content\/uploads\/image00033-225x300.jpg 225w, https:\/\/seic-evo.com\/wp-content\/uploads\/image00033-1152x1536.jpg 1152w, https:\/\/seic-evo.com\/wp-content\/uploads\/image00033-1536x2048.jpg 1536w, https:\/\/seic-evo.com\/wp-content\/uploads\/image00033.jpg 1871w\" sizes=\"auto, (max-width: 768px) 100vw, 768px\" \/><\/figure>\n<\/div>\n<\/div>\n\n\n\n<div class=\"wp-block-seic-columna-seccio col vertical_centrat esq\">\n<h2 class=\"wp-block-heading is-style-seic-titular-gegant has-com-color-blanc-color has-text-color\">Optimitzaci\u00f3 de processos<\/h2>\n\n\n\n<p>Tant en projectes d\u2019assessorament com de desenvolupament de noves tecnologies, a SEIC sempre tenim present que la soluci\u00f3 creada no nom\u00e9s ha de ser ecol\u00f2gicament responsable, sin\u00f3 tamb\u00e9 \u00f2ptima en el conjunt del proc\u00e9s en qu\u00e8 s\u2019aplica. Aix\u00f2 vol dir optimitzar en:<\/p>\n\n\n\n<p>\u2013 Producci\u00f3<br>\u2013 Qualitat, en proc\u00e9s i producte<br>\u2013 Consum d\u2019energia<br>\u2013 Consum d\u2019aigua<br>\u2013 Minimitzaci\u00f3 de rebutjos<\/p>\n<\/div>\n<\/div><\/div><\/div>\n\n\n\n<div class=\"wp-block-seic-seccio-dos-cols section fons-blau com-filet seic-100-height padding-mig dos-columnes\" data-anchor=\"Automatitzaci\u00f3-processos\" data-navtt=\"Automatitzaci\u00f3 de processos\"><div class=\"wrapper-bg-color\"><div class=\"maq-contenidor\">\n<div class=\"wp-block-seic-columna-seccio col vertical_centrat esq\">\n<h2 class=\"wp-block-heading is-style-seic-titular-gegant\">Automatitzaci\u00f3 de processos<\/h2>\n\n\n\n<p>Avui dia, cal que els processos siguin automatitzats. A SEIC assolim aix\u00f2 gr\u00e0cies a la introducci\u00f3 de sistemes de recepci\u00f3 de senyals i d\u2019emissi\u00f3 de respostes en lla\u00e7 obert o tancat, mitjan\u00e7ant elements de camp com ara pressi\u00f3, nivell, temperatura, cabal, consist\u00e8ncia, pH, conductivitat, terbolesa, etc\u00e8tera.<\/p>\n\n\n\n<p>Amb aquest fi, integrem tots els senyals en els nostres PLCs i, amb la nostra programaci\u00f3, automatitzem processos, els fem estables, en facilitem la visualitzaci\u00f3 en qualsevol moment, permetem canviar de consigna i una llarga llista d\u2019accions que tamb\u00e9 contemplen la seguretat i les alertes al llarg de tot el proc\u00e9s.<\/p>\n<\/div>\n\n\n\n<div class=\"wp-block-seic-columna-seccio col vertical_centrat esq\">\n<div class=\"wp-block-seic-imatge-control img_control_alt\">\n<figure class=\"wp-block-image size-full\"><img loading=\"lazy\" decoding=\"async\" width=\"775\" height=\"1000\" src=\"https:\/\/seic-evo.com\/wp-content\/uploads\/automatismes.jpg\" alt=\"\" class=\"wp-image-385\" srcset=\"https:\/\/seic-evo.com\/wp-content\/uploads\/automatismes.jpg 775w, https:\/\/seic-evo.com\/wp-content\/uploads\/automatismes-233x300.jpg 233w, https:\/\/seic-evo.com\/wp-content\/uploads\/automatismes-768x991.jpg 768w\" sizes=\"auto, (max-width: 775px) 100vw, 775px\" \/><\/figure>\n<\/div>\n<\/div>\n<\/div><\/div><\/div>\n\n\n\n<div class=\"wp-block-seic-seccio-dos-cols section fons-blanc com-filet seic-100-height padding-mig dos-columnes\" data-anchor=\"SCADA\" data-navtt=\"SCADA\"><div class=\"wrapper-bg-color\"><div class=\"maq-contenidor\">\n<div class=\"wp-block-seic-columna-seccio col vertical_centrat esq\">\n<div class=\"wp-block-seic-imatge-control img_control_alt\">\n<figure class=\"wp-block-image size-large\"><img loading=\"lazy\" decoding=\"async\" width=\"748\" height=\"1024\" src=\"https:\/\/seic-evo.com\/wp-content\/uploads\/SEIC-04-748x1024.jpg\" alt=\"\" class=\"wp-image-204\" srcset=\"https:\/\/seic-evo.com\/wp-content\/uploads\/SEIC-04-748x1024.jpg 748w, https:\/\/seic-evo.com\/wp-content\/uploads\/SEIC-04-219x300.jpg 219w, https:\/\/seic-evo.com\/wp-content\/uploads\/SEIC-04-768x1052.jpg 768w, https:\/\/seic-evo.com\/wp-content\/uploads\/SEIC-04-1122x1536.jpg 1122w, https:\/\/seic-evo.com\/wp-content\/uploads\/SEIC-04-1496x2048.jpg 1496w, https:\/\/seic-evo.com\/wp-content\/uploads\/SEIC-04.jpg 1822w\" sizes=\"auto, (max-width: 748px) 100vw, 748px\" \/><\/figure>\n<\/div>\n<\/div>\n\n\n\n<div class=\"wp-block-seic-columna-seccio col vertical_centrat esq\">\n<h2 class=\"wp-block-heading is-style-seic-titular-gegant has-com-color-blau-color has-text-color\">SCADA<\/h2>\n\n\n\n<p>Els softwares de control de supervisi\u00f3 i adquisici\u00f3 de dades (SCADA) s\u00f3n imprescindibles per al seguiment i control de qualsevol proc\u00e9s automatitzat.<\/p>\n\n\n\n<p>Per aix\u00f2, a SEIC som integradors del sistema Aveva del grup Becolve Digital, n\u00famero 735773, i estem certificats com a Expert Partner Program Professional (Registered Certified System Integrator).<\/p>\n\n\n\n<p>D\u2019aquesta manera podem garantir un alt grau d\u2019automatitzaci\u00f3 i historitzaci\u00f3 de senyals, fent \u00fas d\u2019un sistema d\u2019\u00faltima generaci\u00f3.<\/p>\n<\/div>\n<\/div><\/div><\/div>\n\n\n\n<div class=\"wp-block-seic-seccio-dos-cols section fons-crema com-filet seic-100-height padding-mig dos-columnes\" data-anchor=\"Projectes-claus-en-m\u00e0\" data-navtt=\"Projectes claus en m\u00e0\"><div class=\"wrapper-bg-color\"><div class=\"maq-contenidor\">\n<div class=\"wp-block-seic-columna-seccio col vertical_centrat esq\">\n<h2 class=\"wp-block-heading is-style-seic-titular-gegant has-com-color-blanc-color has-text-color\">Projectes claus en m\u00e0<\/h2>\n\n\n\n<p>SEIC es pot fer c\u00e0rrec dels projectes de forma integral, responsabilitzant-se de totes les \u00e0rees i serveis que ofereix, des de la seva concepci\u00f3 fins a la seva posada en marxa. D\u2019aquesta manera, el client nom\u00e9s t\u00e9 tracte amb un interlocutor i es minimitzen els conflictes entre parts.<\/p>\n<\/div>\n\n\n\n<div class=\"wp-block-seic-columna-seccio col vertical_centrat esq\">\n<div class=\"wp-block-seic-imatge-control img_control_alt\">\n<figure class=\"wp-block-image size-large\"><img loading=\"lazy\" decoding=\"async\" width=\"721\" height=\"1024\" src=\"https:\/\/seic-evo.com\/wp-content\/uploads\/SEIC-05-721x1024.jpg\" alt=\"\" class=\"wp-image-208\" srcset=\"https:\/\/seic-evo.com\/wp-content\/uploads\/SEIC-05-721x1024.jpg 721w, https:\/\/seic-evo.com\/wp-content\/uploads\/SEIC-05-211x300.jpg 211w, https:\/\/seic-evo.com\/wp-content\/uploads\/SEIC-05-768x1090.jpg 768w, https:\/\/seic-evo.com\/wp-content\/uploads\/SEIC-05-1082x1536.jpg 1082w, https:\/\/seic-evo.com\/wp-content\/uploads\/SEIC-05-1442x2048.jpg 1442w, https:\/\/seic-evo.com\/wp-content\/uploads\/SEIC-05.jpg 1798w\" sizes=\"auto, (max-width: 721px) 100vw, 721px\" \/><\/figure>\n<\/div>\n<\/div>\n<\/div><\/div><\/div>\n\n\n\n<div class=\"wp-block-seic-seccio-dos-cols section fons-blau com-filet seic-100-height padding-mig dos-columnes\" data-anchor=\"Formaci\u00f3-equips\" data-navtt=\"Formaci\u00f3 d\u2019equips\"><div class=\"wrapper-bg-color\"><div class=\"maq-contenidor\">\n<div class=\"wp-block-seic-columna-seccio col vertical_superior esq\">\n<div class=\"wp-block-seic-imatge-control img_control_alt\">\n<figure class=\"wp-block-image size-large\"><img loading=\"lazy\" decoding=\"async\" width=\"768\" height=\"1024\" src=\"https:\/\/seic-evo.com\/wp-content\/uploads\/SEIC-5-768x1024.jpg\" alt=\"\" class=\"wp-image-387\" srcset=\"https:\/\/seic-evo.com\/wp-content\/uploads\/SEIC-5-768x1024.jpg 768w, https:\/\/seic-evo.com\/wp-content\/uploads\/SEIC-5-225x300.jpg 225w, https:\/\/seic-evo.com\/wp-content\/uploads\/SEIC-5-1152x1536.jpg 1152w, https:\/\/seic-evo.com\/wp-content\/uploads\/SEIC-5-1536x2048.jpg 1536w, https:\/\/seic-evo.com\/wp-content\/uploads\/SEIC-5.jpg 1871w\" sizes=\"auto, (max-width: 768px) 100vw, 768px\" \/><\/figure>\n<\/div>\n<\/div>\n\n\n\n<div class=\"wp-block-seic-columna-seccio col vertical_centrat esq\">\n<h2 class=\"wp-block-heading is-style-seic-titular-gegant\">Formaci\u00f3 d\u2019equips<\/h2>\n\n\n\n<p>Per a assolir la m\u00e0xima efici\u00e8ncia de les solucions aportades, a SEIC tamb\u00e9 formem l\u2019equip que posteriorment haur\u00e0 d\u2019assumir l\u2019explotaci\u00f3 del proc\u00e9s. Fem una instrucci\u00f3 espec\u00edficament adaptada al sistema que els t\u00e8cnics operaran en el seu dia a dia i, un cop posat en funcionament, seguim estant a disposici\u00f3 del client fins a la seva plena integraci\u00f3.<\/p>\n<\/div>\n<\/div><\/div><\/div>\n\n\n\n<div class=\"wp-block-seic-seccio-dos-cols section fons-blanc com-filet seic-100-height padding-mig dos-columnes\" data-anchor=\"Plans-negoci\" data-navtt=\"Plans de negoci i recerca d\u2019ajudes\"><div class=\"wrapper-bg-color\"><div class=\"maq-contenidor\">\n<div class=\"wp-block-seic-columna-seccio col vertical_centrat esq\">\n<h2 class=\"wp-block-heading is-style-seic-titular-gegant has-com-color-blau-color has-text-color\">Plans de negoci i recerca d\u2019ajudes<\/h2>\n\n\n\n<p>Des de SEIC tamb\u00e9 acompanyem els nostres clients en la creaci\u00f3 del seu pla de negoci. Aportem la nostra visi\u00f3, fonamentada en la nostra experi\u00e8ncia, tant pel que fa a costos d\u2019inversi\u00f3 i d\u2019explotaci\u00f3, com de preus de mercat de productes finals. D\u2019aquesta manera, contribu\u00efm a la generaci\u00f3 d\u2019un pla de negoci \u00fatil a l\u2019hora de prendre decisions empresarials que poden ser decisives.<\/p>\n\n\n\n<p>A m\u00e9s, quan un projecte pot ser desenvolupat \u00edntegrament pel client, podem aportar el nostre coneixement en la recerca de sistemes de finan\u00e7ament, ajudes i subvencions.<\/p>\n<\/div>\n\n\n\n<div class=\"wp-block-seic-columna-seccio col vertical_centrat esq\">\n<div class=\"wp-block-seic-imatge-control img_control_alt\">\n<figure class=\"wp-block-image size-large\"><img loading=\"lazy\" decoding=\"async\" width=\"683\" height=\"1024\" src=\"https:\/\/seic-evo.com\/wp-content\/uploads\/SEIC-11-683x1024.jpg\" alt=\"\" class=\"wp-image-344\" srcset=\"https:\/\/seic-evo.com\/wp-content\/uploads\/SEIC-11-683x1024.jpg 683w, https:\/\/seic-evo.com\/wp-content\/uploads\/SEIC-11-200x300.jpg 200w, https:\/\/seic-evo.com\/wp-content\/uploads\/SEIC-11-768x1152.jpg 768w, https:\/\/seic-evo.com\/wp-content\/uploads\/SEIC-11-1024x1536.jpg 1024w, https:\/\/seic-evo.com\/wp-content\/uploads\/SEIC-11-1365x2048.jpg 1365w, https:\/\/seic-evo.com\/wp-content\/uploads\/SEIC-11.jpg 1663w\" sizes=\"auto, (max-width: 683px) 100vw, 683px\" \/><\/figure>\n<\/div>\n<\/div>\n<\/div><\/div><\/div>\n","protected":false},"excerpt":{"rendered":"","protected":false},"author":1,"featured_media":0,"parent":0,"menu_order":0,"comment_status":"closed","ping_status":"closed","template":"maq_fullpage.php","meta":{"footnotes":""},"class_list":["post-89","page","type-page","status-publish","hentry"],"_links":{"self":[{"href":"https:\/\/seic-evo.com\/ca\/wp-json\/wp\/v2\/pages\/89","targetHints":{"allow":["GET"]}}],"collection":[{"href":"https:\/\/seic-evo.com\/ca\/wp-json\/wp\/v2\/pages"}],"about":[{"href":"https:\/\/seic-evo.com\/ca\/wp-json\/wp\/v2\/types\/page"}],"author":[{"embeddable":true,"href":"https:\/\/seic-evo.com\/ca\/wp-json\/wp\/v2\/users\/1"}],"replies":[{"embeddable":true,"href":"https:\/\/seic-evo.com\/ca\/wp-json\/wp\/v2\/comments?post=89"}],"version-history":[{"count":52,"href":"https:\/\/seic-evo.com\/ca\/wp-json\/wp\/v2\/pages\/89\/revisions"}],"predecessor-version":[{"id":1584,"href":"https:\/\/seic-evo.com\/ca\/wp-json\/wp\/v2\/pages\/89\/revisions\/1584"}],"wp:attachment":[{"href":"https:\/\/seic-evo.com\/ca\/wp-json\/wp\/v2\/media?parent=89"}],"curies":[{"name":"wp","href":"https:\/\/api.w.org\/{rel}","templated":true}]}}